{"id":7,"date":"2026-02-11T14:02:19","date_gmt":"2026-02-11T14:02:19","guid":{"rendered":"http:\/\/itvuscw.cluster100.hosting.ovh.net\/?page_id=7"},"modified":"2026-03-07T05:36:55","modified_gmt":"2026-03-07T03:36:55","slug":"dj-deneri","status":"publish","type":"page","link":"https:\/\/djpaysbasque.fr\/","title":{"rendered":"DJ Deneri &#8211; DJ Mariage, S\u00e9minaire et Fetes priv\u00e9es au Pays basque et sud landes"},"content":{"rendered":"\t\t<div data-elementor-type=\"wp-page\" data-elementor-id=\"7\" class=\"elementor elementor-7\" data-elementor-post-type=\"page\">\n\t\t\t\t<div class=\"elementor-element elementor-element-2c05932 e-con-full e-flex e-con e-parent\" data-id=\"2c05932\" data-element_type=\"container\" data-e-type=\"container\" data-settings=\"{&quot;background_background&quot;:&quot;classic&quot;}\">\n\t\t\t\t<div class=\"elementor-element elementor-element-77d1298 elementor-widget__width-initial elementor-widget elementor-widget-heading\" data-id=\"77d1298\" data-element_type=\"widget\" data-e-type=\"widget\" data-widget_type=\"heading.default\">\n\t\t\t\t\t<h1 class=\"elementor-heading-title elementor-size-default\">DJ Deneri\n<br>DJ Mariage, S\u00e9minaire et Fetes priv\u00e9es au Pays basque et sud landes<\/h1>\t\t\t\t<\/div>\n\t\t\t\t<div class=\"elementor-element elementor-element-dbcbcfc elementor-widget elementor-widget-text-editor\" data-id=\"dbcbcfc\" data-element_type=\"widget\" data-e-type=\"widget\" data-widget_type=\"text-editor.default\">\n\t\t\t\t\t\t\t\t\t<p>Sonorisation, \u00e9clairage et ambiance sur mesure pour vos \u00e9v\u00e9nements priv\u00e9s et professionnels.<\/p>\t\t\t\t\t\t\t\t<\/div>\n\t\t<div class=\"elementor-element elementor-element-2d55626 e-con-full e-flex e-con e-child\" data-id=\"2d55626\" data-element_type=\"container\" data-e-type=\"container\">\n\t\t<div class=\"elementor-element elementor-element-3271792 e-grid e-con-full e-con e-child\" data-id=\"3271792\" data-element_type=\"container\" data-e-type=\"container\">\n\t\t\t\t<div class=\"elementor-element elementor-element-762fa7e elementor-align-left elementor-widget elementor-widget-button\" data-id=\"762fa7e\" data-element_type=\"widget\" data-e-type=\"widget\" data-widget_type=\"button.default\">\n\t\t\t\t\t\t\t\t\t\t<a class=\"elementor-button elementor-button-link elementor-size-sm\" href=\"#mariage\">\n\t\t\t\t\t\t<span class=\"elementor-button-content-wrapper\">\n\t\t\t\t\t\t\t\t\t<span class=\"elementor-button-text\">DJ Mariage<\/span>\n\t\t\t\t\t<\/span>\n\t\t\t\t\t<\/a>\n\t\t\t\t\t\t\t\t<\/div>\n\t\t\t\t<div class=\"elementor-element elementor-element-b2ff900 elementor-align-left elementor-widget elementor-widget-button\" data-id=\"b2ff900\" data-element_type=\"widget\" data-e-type=\"widget\" data-widget_type=\"button.default\">\n\t\t\t\t\t\t\t\t\t\t<a class=\"elementor-button elementor-button-link elementor-size-sm\" href=\"#seminaires\">\n\t\t\t\t\t\t<span class=\"elementor-button-content-wrapper\">\n\t\t\t\t\t\t\t\t\t<span class=\"elementor-button-text\">DJ S\u00e9minaire<\/span>\n\t\t\t\t\t<\/span>\n\t\t\t\t\t<\/a>\n\t\t\t\t\t\t\t\t<\/div>\n\t\t\t\t<div class=\"elementor-element elementor-element-cca87eb elementor-align-left elementor-widget elementor-widget-button\" data-id=\"cca87eb\" data-element_type=\"widget\" data-e-type=\"widget\" data-widget_type=\"button.default\">\n\t\t\t\t\t\t\t\t\t\t<a class=\"elementor-button elementor-button-link elementor-size-sm\" href=\"#contact\">\n\t\t\t\t\t\t<span class=\"elementor-button-content-wrapper\">\n\t\t\t\t\t\t\t\t\t<span class=\"elementor-button-text\">Demander un devis<\/span>\n\t\t\t\t\t<\/span>\n\t\t\t\t\t<\/a>\n\t\t\t\t\t\t\t\t<\/div>\n\t\t\t\t<\/div>\n\t\t\t\t<\/div>\n\t\t\t\t<\/div>\n\t\t<div class=\"elementor-element elementor-element-9c3854e e-con-full e-flex e-con e-parent\" data-id=\"9c3854e\" data-element_type=\"container\" data-e-type=\"container\" id=\"a-propos\" data-settings=\"{&quot;background_background&quot;:&quot;gradient&quot;}\">\n\t\t\t\t<div class=\"elementor-element elementor-element-51ef02c elementor-widget__width-initial elementor-widget elementor-widget-heading\" data-id=\"51ef02c\" data-element_type=\"widget\" data-e-type=\"widget\" data-widget_type=\"heading.default\">\n\t\t\t\t\t<h2 class=\"elementor-heading-title elementor-size-default\">DJ professionnel au Pays basque pour mariages et \u00e9v\u00e9nements d\u2019entreprise<\/h2>\t\t\t\t<\/div>\n\t\t<div class=\"elementor-element elementor-element-255b4d9 e-con-full e-flex e-con e-child\" data-id=\"255b4d9\" data-element_type=\"container\" data-e-type=\"container\">\n\t\t\t\t<div class=\"elementor-element elementor-element-2fddea2 elementor-widget__width-initial elementor-widget-mobile__width-inherit elementor-widget elementor-widget-text-editor\" data-id=\"2fddea2\" data-element_type=\"widget\" data-e-type=\"widget\" data-widget_type=\"text-editor.default\">\n\t\t\t\t\t\t\t\t\t<p>DJ professionnel bas\u00e9 au Pays basque, DJ Deneri accompagne les particuliers et les entreprises dans la r\u00e9ussite de leurs \u00e9v\u00e9nements, du mariage intimiste au s\u00e9minaire d\u2019entreprise.<\/p><p>Je propose une prestation cl\u00e9 en main int\u00e9grant la musique, la sonorisation et l\u2019\u00e9clairage, avec une approche simple : vous permettre de profiter pleinement de votre \u00e9v\u00e9nement, sans stress le jour J.<\/p><p>Chaque prestation est pens\u00e9e en fonction du lieu, du public et de l\u2019ambiance souhait\u00e9e, au Pays basque comme dans les Landes.<\/p>\t\t\t\t\t\t\t\t<\/div>\n\t\t\t\t<div class=\"elementor-element elementor-element-dfe6e50 elementor-widget__width-initial elementor-widget-mobile__width-inherit elementor-widget elementor-widget-image\" data-id=\"dfe6e50\" data-element_type=\"widget\" data-e-type=\"widget\" data-widget_type=\"image.default\">\n\t\t\t\t\t\t\t\t\t\t\t\t\t\t\t<img fetchpriority=\"high\" decoding=\"async\" width=\"2560\" height=\"2560\" src=\"https:\/\/djpaysbasque.fr\/wp-content\/uploads\/2026\/02\/portrait-deneri-dj-pays-basque-electro-soiree-animation-event-scaled-1.jpg\" class=\"attachment-full size-full wp-image-19\" alt=\"\" srcset=\"https:\/\/djpaysbasque.fr\/wp-content\/uploads\/2026\/02\/portrait-deneri-dj-pays-basque-electro-soiree-animation-event-scaled-1.jpg 2560w, https:\/\/djpaysbasque.fr\/wp-content\/uploads\/2026\/02\/portrait-deneri-dj-pays-basque-electro-soiree-animation-event-scaled-1-300x300.jpg 300w, https:\/\/djpaysbasque.fr\/wp-content\/uploads\/2026\/02\/portrait-deneri-dj-pays-basque-electro-soiree-animation-event-scaled-1-1024x1024.jpg 1024w, https:\/\/djpaysbasque.fr\/wp-content\/uploads\/2026\/02\/portrait-deneri-dj-pays-basque-electro-soiree-animation-event-scaled-1-150x150.jpg 150w, https:\/\/djpaysbasque.fr\/wp-content\/uploads\/2026\/02\/portrait-deneri-dj-pays-basque-electro-soiree-animation-event-scaled-1-768x768.jpg 768w, https:\/\/djpaysbasque.fr\/wp-content\/uploads\/2026\/02\/portrait-deneri-dj-pays-basque-electro-soiree-animation-event-scaled-1-1536x1536.jpg 1536w, https:\/\/djpaysbasque.fr\/wp-content\/uploads\/2026\/02\/portrait-deneri-dj-pays-basque-electro-soiree-animation-event-scaled-1-2048x2048.jpg 2048w\" sizes=\"(max-width: 2560px) 100vw, 2560px\" \/>\t\t\t\t\t\t\t\t\t\t\t\t\t\t\t<\/div>\n\t\t\t\t<\/div>\n\t\t\t\t<\/div>\n\t\t<div class=\"elementor-element elementor-element-42fee44 e-con-full e-flex e-con e-parent\" data-id=\"42fee44\" data-element_type=\"container\" data-e-type=\"container\" data-settings=\"{&quot;background_background&quot;:&quot;classic&quot;}\">\n\t\t\t\t<div class=\"elementor-element elementor-element-e5d8f01 elementor-widget__width-initial elementor-widget elementor-widget-heading\" data-id=\"e5d8f01\" data-element_type=\"widget\" data-e-type=\"widget\" data-widget_type=\"heading.default\">\n\t\t\t\t\t<div class=\"elementor-heading-title elementor-size-default\">DJ mariage au Pays basque : une ambiance \u00e0 votre image<\/div>\t\t\t\t<\/div>\n\t\t\t\t<\/div>\n\t\t<div class=\"elementor-element elementor-element-44b01b9 e-con-full e-flex e-con e-parent\" data-id=\"44b01b9\" data-element_type=\"container\" data-e-type=\"container\" id=\"mariage\" data-settings=\"{&quot;background_background&quot;:&quot;classic&quot;}\">\n\t\t<div class=\"elementor-element elementor-element-5c84c11 e-con-full e-flex e-con e-child\" data-id=\"5c84c11\" data-element_type=\"container\" data-e-type=\"container\" data-settings=\"{&quot;background_background&quot;:&quot;classic&quot;}\">\n\t\t\t\t<div class=\"elementor-element elementor-element-d322595 elementor-widget elementor-widget-spacer\" data-id=\"d322595\" data-element_type=\"widget\" data-e-type=\"widget\" data-widget_type=\"spacer.default\">\n\t\t\t\t\t\t\t<div class=\"elementor-spacer\">\n\t\t\t<div class=\"elementor-spacer-inner\"><\/div>\n\t\t<\/div>\n\t\t\t\t\t\t<\/div>\n\t\t\t\t<\/div>\n\t\t<div class=\"elementor-element elementor-element-eb96fbe e-con-full e-flex e-con e-child\" data-id=\"eb96fbe\" data-element_type=\"container\" data-e-type=\"container\">\n\t\t\t\t<div class=\"elementor-element elementor-element-4b4f5b5 elementor-widget__width-initial elementor-widget elementor-widget-heading\" data-id=\"4b4f5b5\" data-element_type=\"widget\" data-e-type=\"widget\" data-widget_type=\"heading.default\">\n\t\t\t\t\t<h2 class=\"elementor-heading-title elementor-size-default\">DJ Mariage<\/h2>\t\t\t\t<\/div>\n\t\t\t\t<div class=\"elementor-element elementor-element-529f6fb elementor-widget elementor-widget-text-editor\" data-id=\"529f6fb\" data-element_type=\"widget\" data-e-type=\"widget\" data-widget_type=\"text-editor.default\">\n\t\t\t\t\t\t\t\t\t<p>Chaque mariage est unique. En tant que DJ mariage au Pays basque, je vous accompagne d\u00e8s la pr\u00e9paration pour construire une ambiance musicale fid\u00e8le \u00e0 votre histoire et \u00e0 vos go\u00fbts.<\/p><p>Nous \u00e9changeons en amont afin de d\u00e9finir les styles musicaux, les temps forts et l\u2019\u00e9nergie souhait\u00e9e, du vin d\u2019honneur \u00e0 la soir\u00e9e dansante.<\/p><p>J\u2019interviens d\u00e8s le cocktail avec une ambiance lounge ma\u00eetris\u00e9e, favorisant les \u00e9changes entre vos invit\u00e9s, puis j\u2019anime la soir\u00e9e avec une playlist vari\u00e9e, pens\u00e9e pour rassembler toutes les g\u00e9n\u00e9rations.<\/p><p>A votre service pour :\u00a0<\/p><ul><li data-start=\"2543\" data-end=\"2578\"><p data-start=\"2545\" data-end=\"2578\">une ambiance musicale personnalis\u00e9e<\/p><\/li><li data-start=\"2579\" data-end=\"2620\"><p data-start=\"2581\" data-end=\"2620\">une animation discr\u00e8te et professionnelle<\/p><\/li><li data-start=\"2621\" data-end=\"2682\"><p data-start=\"2623\" data-end=\"2682\">la sonorisation de la c\u00e9r\u00e9monie, du cocktail et de la soir\u00e9e<\/p><\/li><li data-start=\"2683\" data-end=\"2717\"><p data-start=\"2685\" data-end=\"2717\">l&rsquo;\u00e9clairage de la piste de danse<\/p><\/li><\/ul>\t\t\t\t\t\t\t\t<\/div>\n\t\t\t\t<div class=\"elementor-element elementor-element-37aa9f1 elementor-align-left elementor-widget elementor-widget-button\" data-id=\"37aa9f1\" data-element_type=\"widget\" data-e-type=\"widget\" data-widget_type=\"button.default\">\n\t\t\t\t\t\t\t\t\t\t<a class=\"elementor-button elementor-button-link elementor-size-sm\" href=\"#contact\">\n\t\t\t\t\t\t<span class=\"elementor-button-content-wrapper\">\n\t\t\t\t\t\t\t\t\t<span class=\"elementor-button-text\">Demander un devis<\/span>\n\t\t\t\t\t<\/span>\n\t\t\t\t\t<\/a>\n\t\t\t\t\t\t\t\t<\/div>\n\t\t\t\t<\/div>\n\t\t\t\t<\/div>\n\t\t<div class=\"elementor-element elementor-element-d086ec0 e-con-full e-flex e-con e-parent\" data-id=\"d086ec0\" data-element_type=\"container\" data-e-type=\"container\" data-settings=\"{&quot;background_background&quot;:&quot;classic&quot;}\">\n\t\t\t\t<div class=\"elementor-element elementor-element-51dd683 elementor-widget__width-initial elementor-widget elementor-widget-heading\" data-id=\"51dd683\" data-element_type=\"widget\" data-e-type=\"widget\" data-widget_type=\"heading.default\">\n\t\t\t\t\t<div class=\"elementor-heading-title elementor-size-default\">DJ s\u00e9minaires et \u00e9v\u00e9nements professionnels au Pays basque et dans les Landes<\/div>\t\t\t\t<\/div>\n\t\t\t\t<\/div>\n\t\t<div class=\"elementor-element elementor-element-1204918 e-con-full e-flex e-con e-parent\" data-id=\"1204918\" data-element_type=\"container\" data-e-type=\"container\" id=\"seminaires\" data-settings=\"{&quot;background_background&quot;:&quot;classic&quot;}\">\n\t\t<div class=\"elementor-element elementor-element-f715f6a e-con-full e-flex e-con e-child\" data-id=\"f715f6a\" data-element_type=\"container\" data-e-type=\"container\" data-settings=\"{&quot;background_background&quot;:&quot;classic&quot;}\">\n\t\t\t\t<div class=\"elementor-element elementor-element-2db4e0b elementor-widget elementor-widget-spacer\" data-id=\"2db4e0b\" data-element_type=\"widget\" data-e-type=\"widget\" data-widget_type=\"spacer.default\">\n\t\t\t\t\t\t\t<div class=\"elementor-spacer\">\n\t\t\t<div class=\"elementor-spacer-inner\"><\/div>\n\t\t<\/div>\n\t\t\t\t\t\t<\/div>\n\t\t\t\t<\/div>\n\t\t<div class=\"elementor-element elementor-element-8a89c82 e-con-full e-flex e-con e-child\" data-id=\"8a89c82\" data-element_type=\"container\" data-e-type=\"container\">\n\t\t\t\t<div class=\"elementor-element elementor-element-f2846e2 elementor-widget__width-initial elementor-widget elementor-widget-heading\" data-id=\"f2846e2\" data-element_type=\"widget\" data-e-type=\"widget\" data-widget_type=\"heading.default\">\n\t\t\t\t\t<h2 class=\"elementor-heading-title elementor-size-default\">DJ S\u00e9minaires &amp; \u00e9v\u00e9nements pro (B2B)<\/h2>\t\t\t\t<\/div>\n\t\t\t\t<div class=\"elementor-element elementor-element-7600c16 elementor-widget elementor-widget-text-editor\" data-id=\"7600c16\" data-element_type=\"widget\" data-e-type=\"widget\" data-widget_type=\"text-editor.default\">\n\t\t\t\t\t\t\t\t\t<p>J\u2019interviens \u00e9galement comme DJ pour s\u00e9minaires et \u00e9v\u00e9nements professionnels au Pays basque, dans les Landes et le B\u00e9arn.<\/p><p>Cocktail d\u2019entreprise, soir\u00e9e de fin de s\u00e9minaire, inauguration ou \u00e9v\u00e9nement clients : chaque moment b\u00e9n\u00e9ficie d\u2019une ambiance musicale adapt\u00e9e, qu\u2019elle soit lounge, festive ou dansante.<\/p><p>La pr\u00e9paration en amont permet d\u2019assurer une parfaite coordination entre vos attentes, le d\u00e9roul\u00e9 de l\u2019\u00e9v\u00e9nement et mes conseils professionnels.<\/p><p><strong>Mon atout<\/strong> : une sonorisation claire pour les prises de parole, ambiance musicale adapt\u00e9e \u00e0 chaque temps fort, mat\u00e9riel professionnel inclus.<\/p><p>A votre disposition pour :<\/p><ul><li data-start=\"3392\" data-end=\"3419\"><p data-start=\"3394\" data-end=\"3419\">vos s\u00e9minaires d\u2019entreprise<\/p><\/li><li data-start=\"3420\" data-end=\"3441\"><p data-start=\"3422\" data-end=\"3441\">vos soir\u00e9es corporate<\/p><\/li><li data-start=\"3442\" data-end=\"3459\"><p data-start=\"3444\" data-end=\"3459\">vos inaugurations<\/p><\/li><li data-start=\"3460\" data-end=\"3482\"><p data-start=\"3462\" data-end=\"3482\">vos \u00e9v\u00e9nements clients<\/p><\/li><\/ul>\t\t\t\t\t\t\t\t<\/div>\n\t\t\t\t<div class=\"elementor-element elementor-element-7e701f7 elementor-align-left elementor-widget elementor-widget-button\" data-id=\"7e701f7\" data-element_type=\"widget\" data-e-type=\"widget\" data-widget_type=\"button.default\">\n\t\t\t\t\t\t\t\t\t\t<a class=\"elementor-button elementor-button-link elementor-size-sm\" href=\"#contact\">\n\t\t\t\t\t\t<span class=\"elementor-button-content-wrapper\">\n\t\t\t\t\t\t\t\t\t<span class=\"elementor-button-text\">Demander un devis<\/span>\n\t\t\t\t\t<\/span>\n\t\t\t\t\t<\/a>\n\t\t\t\t\t\t\t\t<\/div>\n\t\t\t\t<\/div>\n\t\t\t\t<\/div>\n\t\t<div class=\"elementor-element elementor-element-7740860 e-con-full e-flex e-con e-parent\" data-id=\"7740860\" data-element_type=\"container\" data-e-type=\"container\" data-settings=\"{&quot;background_background&quot;:&quot;gradient&quot;}\">\n\t\t\t\t<div class=\"elementor-element elementor-element-c703346 elementor-widget__width-initial elementor-widget elementor-widget-heading\" data-id=\"c703346\" data-element_type=\"widget\" data-e-type=\"widget\" data-widget_type=\"heading.default\">\n\t\t\t\t\t<h2 class=\"elementor-heading-title elementor-size-default\">Sonorisation &amp; \u00e9clairage : l'expertise technique professionnelle au service de vos \u00e9v\u00e9nements<\/h2>\t\t\t\t<\/div>\n\t\t\t\t<div class=\"elementor-element elementor-element-4e35351 elementor-widget elementor-widget-text-editor\" data-id=\"4e35351\" data-element_type=\"widget\" data-e-type=\"widget\" data-widget_type=\"text-editor.default\">\n\t\t\t\t\t\t\t\t\t<p>Je fournis l\u2019ensemble du mat\u00e9riel n\u00e9cessaire \u00e0 votre \u00e9v\u00e9nement, s\u00e9lectionn\u00e9 en fonction du lieu et du nombre de participants, afin de garantir une qualit\u00e9 sonore optimale et une ambiance visuelle soign\u00e9e.<\/p>\t\t\t\t\t\t\t\t<\/div>\n\t\t\t\t<\/div>\n\t\t<div class=\"elementor-element elementor-element-2b0e850 e-con-full e-flex e-con e-parent\" data-id=\"2b0e850\" data-element_type=\"container\" data-e-type=\"container\" id=\"pourquoi\" data-settings=\"{&quot;background_background&quot;:&quot;gradient&quot;}\">\n\t\t<div class=\"elementor-element elementor-element-665ee38 e-con-full e-flex e-con e-child\" data-id=\"665ee38\" data-element_type=\"container\" data-e-type=\"container\">\n\t\t<div class=\"elementor-element elementor-element-b47de5b e-con-full e-flex e-con e-child\" data-id=\"b47de5b\" data-element_type=\"container\" data-e-type=\"container\">\n\t\t\t\t<div class=\"elementor-element elementor-element-0bd31ae elementor-widget__width-initial elementor-widget elementor-widget-heading\" data-id=\"0bd31ae\" data-element_type=\"widget\" data-e-type=\"widget\" data-widget_type=\"heading.default\">\n\t\t\t\t\t<h2 class=\"elementor-heading-title elementor-size-default\">Pourquoi faire appel \u00e0 DJ Deneri ?<\/h2>\t\t\t\t<\/div>\n\t\t\t\t<div class=\"elementor-element elementor-element-1f50e2e elementor-widget__width-initial elementor-widget elementor-widget-text-editor\" data-id=\"1f50e2e\" data-element_type=\"widget\" data-e-type=\"widget\" data-widget_type=\"text-editor.default\">\n\t\t\t\t\t\t\t\t\t<p>DJ exp\u00e9riment\u00e9 et dipl\u00f4m\u00e9 d\u2019une \u00e9cole de DJ, je me produis r\u00e9guli\u00e8rement dans des lieux reconnus du Pays basque comme l\u2019Aste Burua, le No Comment, la Guinguette \u00c9lectrique ou le Big Moustache.<\/p><p>La pr\u00e9paration en amont est au c\u0153ur de mon approche : c\u2019est ce travail qui vous garantit une soir\u00e9e fluide, sans stress et parfaitement adapt\u00e9e \u00e0 votre public.<\/p><p>Mes atouts :<\/p><ul><li>Exp\u00e9rience et formation professionnelle<\/li><li>Pr\u00e9paration personnalis\u00e9e<\/li><li>Ponctualit\u00e9 et fiabilit\u00e9<\/li><li>Mat\u00e9riel professionnel<\/li><li>Adaptation \u00e0 tous les publics<\/li><li>Pr\u00e9sence discr\u00e8te et professionnelle<\/li><\/ul>\t\t\t\t\t\t\t\t<\/div>\n\t\t\t\t<\/div>\n\t\t\t\t<div class=\"elementor-element elementor-element-53fabd2 elementor-widget__width-initial elementor-widget-mobile__width-inherit elementor-widget elementor-widget-image\" data-id=\"53fabd2\" data-element_type=\"widget\" data-e-type=\"widget\" data-widget_type=\"image.default\">\n\t\t\t\t\t\t\t\t\t\t\t\t\t\t\t<img decoding=\"async\" width=\"960\" height=\"1200\" src=\"https:\/\/djpaysbasque.fr\/wp-content\/uploads\/2026\/02\/sono-mariage-deneri-dj-pays-basque-electro-soiree-animation-event.jpg\" class=\"attachment-full size-full wp-image-24\" alt=\"\" srcset=\"https:\/\/djpaysbasque.fr\/wp-content\/uploads\/2026\/02\/sono-mariage-deneri-dj-pays-basque-electro-soiree-animation-event.jpg 960w, https:\/\/djpaysbasque.fr\/wp-content\/uploads\/2026\/02\/sono-mariage-deneri-dj-pays-basque-electro-soiree-animation-event-240x300.jpg 240w, https:\/\/djpaysbasque.fr\/wp-content\/uploads\/2026\/02\/sono-mariage-deneri-dj-pays-basque-electro-soiree-animation-event-819x1024.jpg 819w, https:\/\/djpaysbasque.fr\/wp-content\/uploads\/2026\/02\/sono-mariage-deneri-dj-pays-basque-electro-soiree-animation-event-768x960.jpg 768w\" sizes=\"(max-width: 960px) 100vw, 960px\" \/>\t\t\t\t\t\t\t\t\t\t\t\t\t\t\t<\/div>\n\t\t\t\t<\/div>\n\t\t\t\t<\/div>\n\t\t<div class=\"elementor-element elementor-element-c43b8e8 e-con-full e-flex e-con e-parent\" data-id=\"c43b8e8\" data-element_type=\"container\" data-e-type=\"container\" id=\"galerie\" data-settings=\"{&quot;background_background&quot;:&quot;classic&quot;}\">\n\t\t\t\t<div class=\"elementor-element elementor-element-d56384c elementor-widget__width-initial elementor-widget elementor-widget-heading\" data-id=\"d56384c\" data-element_type=\"widget\" data-e-type=\"widget\" data-widget_type=\"heading.default\">\n\t\t\t\t\t<h2 class=\"elementor-heading-title elementor-size-default\">D\u00e9couvrez quelques images de prestations r\u00e9alis\u00e9es lors de mariages et \u00e9v\u00e9nements professionnels au Pays basque.<\/h2>\t\t\t\t<\/div>\n\t\t\t\t<div class=\"elementor-element elementor-element-5472219 elementor-widget elementor-widget-gallery\" data-id=\"5472219\" data-element_type=\"widget\" data-e-type=\"widget\" data-settings=\"{&quot;columns&quot;:3,&quot;columns_tablet&quot;:3,&quot;gap_mobile&quot;:{&quot;unit&quot;:&quot;px&quot;,&quot;size&quot;:17,&quot;sizes&quot;:[]},&quot;aspect_ratio&quot;:&quot;1:1&quot;,&quot;lazyload&quot;:&quot;yes&quot;,&quot;gallery_layout&quot;:&quot;grid&quot;,&quot;columns_mobile&quot;:1,&quot;gap&quot;:{&quot;unit&quot;:&quot;px&quot;,&quot;size&quot;:10,&quot;sizes&quot;:[]},&quot;gap_tablet&quot;:{&quot;unit&quot;:&quot;px&quot;,&quot;size&quot;:10,&quot;sizes&quot;:[]},&quot;link_to&quot;:&quot;file&quot;,&quot;overlay_background&quot;:&quot;yes&quot;,&quot;content_hover_animation&quot;:&quot;fade-in&quot;}\" data-widget_type=\"gallery.default\">\n\t\t\t\t\t\t\t<div class=\"elementor-gallery__container\">\n\t\t\t\t\t\t\t<a class=\"e-gallery-item elementor-gallery-item elementor-animated-content\" href=\"https:\/\/djpaysbasque.fr\/wp-content\/uploads\/2026\/02\/seminaire-b-to-b-deneri-dj-pays-basque-electro-soiree-animation-event.jpg\" data-elementor-open-lightbox=\"yes\" data-elementor-lightbox-slideshow=\"5472219\" data-elementor-lightbox-title=\"seminaire-b-to-b-deneri-dj-pays-basque-electro-soiree-animation-event.jpg\" data-e-action-hash=\"#elementor-action%3Aaction%3Dlightbox%26settings%3DeyJpZCI6MjMsInVybCI6Imh0dHBzOlwvXC9kanBheXNiYXNxdWUuZnJcL3dwLWNvbnRlbnRcL3VwbG9hZHNcLzIwMjZcLzAyXC9zZW1pbmFpcmUtYi10by1iLWRlbmVyaS1kai1wYXlzLWJhc3F1ZS1lbGVjdHJvLXNvaXJlZS1hbmltYXRpb24tZXZlbnQuanBnIiwic2xpZGVzaG93IjoiNTQ3MjIxOSJ9\">\n\t\t\t\t\t<div class=\"e-gallery-image elementor-gallery-item__image\" data-thumbnail=\"https:\/\/djpaysbasque.fr\/wp-content\/uploads\/2026\/02\/seminaire-b-to-b-deneri-dj-pays-basque-electro-soiree-animation-event.jpg\" data-width=\"1280\" data-height=\"1920\" aria-label=\"\" role=\"img\" ><\/div>\n\t\t\t\t\t\t\t\t\t\t\t<div class=\"elementor-gallery-item__overlay\"><\/div>\n\t\t\t\t\t\t\t\t\t\t\t\t\t\t<\/a>\n\t\t\t\t\t\t\t<a class=\"e-gallery-item elementor-gallery-item elementor-animated-content\" href=\"https:\/\/djpaysbasque.fr\/wp-content\/uploads\/2026\/02\/PXL_20250620_052726879-copie.jpg\" data-elementor-open-lightbox=\"yes\" data-elementor-lightbox-slideshow=\"5472219\" data-elementor-lightbox-title=\"PXL_20250620_052726879-copie.jpg\" data-e-action-hash=\"#elementor-action%3Aaction%3Dlightbox%26settings%3DeyJpZCI6MjIsInVybCI6Imh0dHBzOlwvXC9kanBheXNiYXNxdWUuZnJcL3dwLWNvbnRlbnRcL3VwbG9hZHNcLzIwMjZcLzAyXC9QWExfMjAyNTA2MjBfMDUyNzI2ODc5LWNvcGllLmpwZyIsInNsaWRlc2hvdyI6IjU0NzIyMTkifQ%3D%3D\">\n\t\t\t\t\t<div class=\"e-gallery-image elementor-gallery-item__image\" data-thumbnail=\"https:\/\/djpaysbasque.fr\/wp-content\/uploads\/2026\/02\/PXL_20250620_052726879-copie.jpg\" data-width=\"1200\" data-height=\"778\" aria-label=\"\" role=\"img\" ><\/div>\n\t\t\t\t\t\t\t\t\t\t\t<div class=\"elementor-gallery-item__overlay\"><\/div>\n\t\t\t\t\t\t\t\t\t\t\t\t\t\t<\/a>\n\t\t\t\t\t\t\t<a class=\"e-gallery-item elementor-gallery-item elementor-animated-content\" href=\"https:\/\/djpaysbasque.fr\/wp-content\/uploads\/2026\/02\/mariage-deneri-dj-pays-basque-electro-soiree-animation-event.jpg\" data-elementor-open-lightbox=\"yes\" data-elementor-lightbox-slideshow=\"5472219\" data-elementor-lightbox-title=\"mariage-deneri-dj-pays-basque-electro-soiree-animation-event.jpg\" data-e-action-hash=\"#elementor-action%3Aaction%3Dlightbox%26settings%3DeyJpZCI6MjEsInVybCI6Imh0dHBzOlwvXC9kanBheXNiYXNxdWUuZnJcL3dwLWNvbnRlbnRcL3VwbG9hZHNcLzIwMjZcLzAyXC9tYXJpYWdlLWRlbmVyaS1kai1wYXlzLWJhc3F1ZS1lbGVjdHJvLXNvaXJlZS1hbmltYXRpb24tZXZlbnQuanBnIiwic2xpZGVzaG93IjoiNTQ3MjIxOSJ9\">\n\t\t\t\t\t<div class=\"e-gallery-image elementor-gallery-item__image\" data-thumbnail=\"https:\/\/djpaysbasque.fr\/wp-content\/uploads\/2026\/02\/mariage-deneri-dj-pays-basque-electro-soiree-animation-event.jpg\" data-width=\"1280\" data-height=\"1920\" aria-label=\"\" role=\"img\" ><\/div>\n\t\t\t\t\t\t\t\t\t\t\t<div class=\"elementor-gallery-item__overlay\"><\/div>\n\t\t\t\t\t\t\t\t\t\t\t\t\t\t<\/a>\n\t\t\t\t\t\t\t<a class=\"e-gallery-item elementor-gallery-item elementor-animated-content\" href=\"https:\/\/djpaysbasque.fr\/wp-content\/uploads\/2026\/02\/installation-mariage-deneri-dj-pays-basque-electro-soiree-animation-event.jpg\" data-elementor-open-lightbox=\"yes\" data-elementor-lightbox-slideshow=\"5472219\" data-elementor-lightbox-title=\"installation-mariage-deneri-dj-pays-basque-electro-soiree-animation-event.jpg\" data-e-action-hash=\"#elementor-action%3Aaction%3Dlightbox%26settings%3DeyJpZCI6MjAsInVybCI6Imh0dHBzOlwvXC9kanBheXNiYXNxdWUuZnJcL3dwLWNvbnRlbnRcL3VwbG9hZHNcLzIwMjZcLzAyXC9pbnN0YWxsYXRpb24tbWFyaWFnZS1kZW5lcmktZGotcGF5cy1iYXNxdWUtZWxlY3Ryby1zb2lyZWUtYW5pbWF0aW9uLWV2ZW50LmpwZyIsInNsaWRlc2hvdyI6IjU0NzIyMTkifQ%3D%3D\">\n\t\t\t\t\t<div class=\"e-gallery-image elementor-gallery-item__image\" data-thumbnail=\"https:\/\/djpaysbasque.fr\/wp-content\/uploads\/2026\/02\/installation-mariage-deneri-dj-pays-basque-electro-soiree-animation-event.jpg\" data-width=\"1280\" data-height=\"853\" aria-label=\"\" role=\"img\" ><\/div>\n\t\t\t\t\t\t\t\t\t\t\t<div class=\"elementor-gallery-item__overlay\"><\/div>\n\t\t\t\t\t\t\t\t\t\t\t\t\t\t<\/a>\n\t\t\t\t\t\t\t<a class=\"e-gallery-item elementor-gallery-item elementor-animated-content\" href=\"https:\/\/djpaysbasque.fr\/wp-content\/uploads\/2026\/02\/portrait-deneri-dj-pays-basque-electro-soiree-animation-event-scaled-1.jpg\" data-elementor-open-lightbox=\"yes\" data-elementor-lightbox-slideshow=\"5472219\" data-elementor-lightbox-title=\"portrait-deneri-dj-pays-basque-electro-soiree-animation-event-scaled.jpg\" data-e-action-hash=\"#elementor-action%3Aaction%3Dlightbox%26settings%3DeyJpZCI6MTksInVybCI6Imh0dHBzOlwvXC9kanBheXNiYXNxdWUuZnJcL3dwLWNvbnRlbnRcL3VwbG9hZHNcLzIwMjZcLzAyXC9wb3J0cmFpdC1kZW5lcmktZGotcGF5cy1iYXNxdWUtZWxlY3Ryby1zb2lyZWUtYW5pbWF0aW9uLWV2ZW50LXNjYWxlZC0xLmpwZyIsInNsaWRlc2hvdyI6IjU0NzIyMTkifQ%3D%3D\">\n\t\t\t\t\t<div class=\"e-gallery-image elementor-gallery-item__image\" data-thumbnail=\"https:\/\/djpaysbasque.fr\/wp-content\/uploads\/2026\/02\/portrait-deneri-dj-pays-basque-electro-soiree-animation-event-scaled-1.jpg\" data-width=\"2560\" data-height=\"2560\" aria-label=\"\" role=\"img\" ><\/div>\n\t\t\t\t\t\t\t\t\t\t\t<div class=\"elementor-gallery-item__overlay\"><\/div>\n\t\t\t\t\t\t\t\t\t\t\t\t\t\t<\/a>\n\t\t\t\t\t\t\t<a class=\"e-gallery-item elementor-gallery-item elementor-animated-content\" href=\"https:\/\/djpaysbasque.fr\/wp-content\/uploads\/2026\/02\/set-deneri-dj-pays-basque-electro-soiree-animation-event-scaled-1.jpg\" data-elementor-open-lightbox=\"yes\" data-elementor-lightbox-slideshow=\"5472219\" data-elementor-lightbox-title=\"set-deneri-dj-pays-basque-electro-soiree-animation-event-scaled.jpg\" data-e-action-hash=\"#elementor-action%3Aaction%3Dlightbox%26settings%3DeyJpZCI6MTgsInVybCI6Imh0dHBzOlwvXC9kanBheXNiYXNxdWUuZnJcL3dwLWNvbnRlbnRcL3VwbG9hZHNcLzIwMjZcLzAyXC9zZXQtZGVuZXJpLWRqLXBheXMtYmFzcXVlLWVsZWN0cm8tc29pcmVlLWFuaW1hdGlvbi1ldmVudC1zY2FsZWQtMS5qcGciLCJzbGlkZXNob3ciOiI1NDcyMjE5In0%3D\">\n\t\t\t\t\t<div class=\"e-gallery-image elementor-gallery-item__image\" data-thumbnail=\"https:\/\/djpaysbasque.fr\/wp-content\/uploads\/2026\/02\/set-deneri-dj-pays-basque-electro-soiree-animation-event-scaled-1.jpg\" data-width=\"2560\" data-height=\"1707\" aria-label=\"DJ Deneri - DJ seminaire, mariages events BtoB au Pays basque et Sud Landes\" role=\"img\" ><\/div>\n\t\t\t\t\t\t\t\t\t\t\t<div class=\"elementor-gallery-item__overlay\"><\/div>\n\t\t\t\t\t\t\t\t\t\t\t\t\t\t<\/a>\n\t\t\t\t\t<\/div>\n\t\t\t\t\t<\/div>\n\t\t\t\t<\/div>\n\t\t\t\t<\/div>\n\t\t","protected":false},"excerpt":{"rendered":"<p>DJ Deneri DJ Mariage, S\u00e9minaire et Fetes priv\u00e9es au Pays basque et sud landes Sonorisation, \u00e9clairage et ambiance sur mesure pour vos \u00e9v\u00e9nements priv\u00e9s et professionnels. DJ Mariage DJ S\u00e9minaire Demander un devis DJ professionnel au Pays basque pour mariages et \u00e9v\u00e9nements d\u2019entreprise DJ professionnel bas\u00e9 au Pays basque, DJ Deneri accompagne les particuliers et [&hellip;]<\/p>\n","protected":false},"author":1,"featured_media":18,"parent":0,"menu_order":0,"comment_status":"closed","ping_status":"closed","template":"elementor_header_footer","meta":{"footnotes":""},"class_list":["post-7","page","type-page","status-publish","has-post-thumbnail","hentry"],"yoast_head":"<!-- This site is optimized with the Yoast SEO plugin v27.1.1 - https:\/\/yoast.com\/product\/yoast-seo-wordpress\/ -->\n<title>DJ Mariage, S\u00e9minaire et event priv\u00e9s Pays basque \/ sud landes<\/title>\n<meta name=\"description\" content=\"DJ pro bas\u00e9 au Pays basque, DJ Deneri accompagne particuliers et entreprises dans leurs \u00e9v\u00e9nements, du mariage intimiste au s\u00e9minaire .\" \/>\n<meta name=\"robots\" content=\"index, follow, max-snippet:-1, max-image-preview:large, max-video-preview:-1\" \/>\n<link rel=\"canonical\" href=\"https:\/\/djpaysbasque.fr\/\" \/>\n<meta property=\"og:locale\" content=\"fr_FR\" \/>\n<meta property=\"og:type\" content=\"article\" \/>\n<meta property=\"og:title\" content=\"DJ Mariage, S\u00e9minaire et event priv\u00e9s Pays basque \/ sud landes\" \/>\n<meta property=\"og:description\" content=\"DJ pro bas\u00e9 au Pays basque, DJ Deneri accompagne particuliers et entreprises dans leurs \u00e9v\u00e9nements, du mariage intimiste au s\u00e9minaire .\" \/>\n<meta property=\"og:url\" content=\"https:\/\/djpaysbasque.fr\/\" \/>\n<meta property=\"og:site_name\" content=\"DJ Deneri\" \/>\n<meta property=\"article:publisher\" content=\"https:\/\/www.facebook.com\/djdeneri\" \/>\n<meta property=\"article:modified_time\" content=\"2026-03-07T03:36:55+00:00\" \/>\n<meta property=\"og:image\" content=\"https:\/\/djpaysbasque.fr\/wp-content\/uploads\/2026\/02\/set-deneri-dj-pays-basque-electro-soiree-animation-event-scaled-1.jpg\" \/>\n\t<meta property=\"og:image:width\" content=\"2560\" \/>\n\t<meta property=\"og:image:height\" content=\"1707\" \/>\n\t<meta property=\"og:image:type\" content=\"image\/jpeg\" \/>\n<meta name=\"twitter:card\" content=\"summary_large_image\" \/>\n<meta name=\"twitter:label1\" content=\"Dur\u00e9e de lecture estim\u00e9e\" \/>\n\t<meta name=\"twitter:data1\" content=\"4 minutes\" \/>\n<script type=\"application\/ld+json\" class=\"yoast-schema-graph\">{\"@context\":\"https:\/\/schema.org\",\"@graph\":[{\"@type\":\"WebPage\",\"@id\":\"https:\/\/djpaysbasque.fr\/\",\"url\":\"https:\/\/djpaysbasque.fr\/\",\"name\":\"DJ Mariage, S\u00e9minaire et event priv\u00e9s Pays basque \/ sud landes\",\"isPartOf\":{\"@id\":\"https:\/\/djpaysbasque.fr\/#website\"},\"primaryImageOfPage\":{\"@id\":\"https:\/\/djpaysbasque.fr\/#primaryimage\"},\"image\":{\"@id\":\"https:\/\/djpaysbasque.fr\/#primaryimage\"},\"thumbnailUrl\":\"https:\/\/djpaysbasque.fr\/wp-content\/uploads\/2026\/02\/set-deneri-dj-pays-basque-electro-soiree-animation-event-scaled-1.jpg\",\"datePublished\":\"2026-02-11T14:02:19+00:00\",\"dateModified\":\"2026-03-07T03:36:55+00:00\",\"description\":\"DJ pro bas\u00e9 au Pays basque, DJ Deneri accompagne particuliers et entreprises dans leurs \u00e9v\u00e9nements, du mariage intimiste au s\u00e9minaire .\",\"breadcrumb\":{\"@id\":\"https:\/\/djpaysbasque.fr\/#breadcrumb\"},\"inLanguage\":\"fr-FR\",\"potentialAction\":[{\"@type\":\"ReadAction\",\"target\":[\"https:\/\/djpaysbasque.fr\/\"]}]},{\"@type\":\"ImageObject\",\"inLanguage\":\"fr-FR\",\"@id\":\"https:\/\/djpaysbasque.fr\/#primaryimage\",\"url\":\"https:\/\/djpaysbasque.fr\/wp-content\/uploads\/2026\/02\/set-deneri-dj-pays-basque-electro-soiree-animation-event-scaled-1.jpg\",\"contentUrl\":\"https:\/\/djpaysbasque.fr\/wp-content\/uploads\/2026\/02\/set-deneri-dj-pays-basque-electro-soiree-animation-event-scaled-1.jpg\",\"width\":2560,\"height\":1707,\"caption\":\"DJ Deneri - DJ seminaire, mariages events BtoB au Pays basque et Sud Landes\"},{\"@type\":\"BreadcrumbList\",\"@id\":\"https:\/\/djpaysbasque.fr\/#breadcrumb\",\"itemListElement\":[{\"@type\":\"ListItem\",\"position\":1,\"name\":\"Accueil\",\"item\":\"https:\/\/djpaysbasque.fr\/\"},{\"@type\":\"ListItem\",\"position\":2,\"name\":\"DJ Deneri &#8211; DJ Mariage, S\u00e9minaire et Fetes priv\u00e9es au Pays basque et sud landes\"}]},{\"@type\":\"WebSite\",\"@id\":\"https:\/\/djpaysbasque.fr\/#website\",\"url\":\"https:\/\/djpaysbasque.fr\/\",\"name\":\"DJ Deneri\",\"description\":\"\",\"publisher\":{\"@id\":\"https:\/\/djpaysbasque.fr\/#organization\"},\"potentialAction\":[{\"@type\":\"SearchAction\",\"target\":{\"@type\":\"EntryPoint\",\"urlTemplate\":\"https:\/\/djpaysbasque.fr\/?s={search_term_string}\"},\"query-input\":{\"@type\":\"PropertyValueSpecification\",\"valueRequired\":true,\"valueName\":\"search_term_string\"}}],\"inLanguage\":\"fr-FR\"},{\"@type\":\"Organization\",\"@id\":\"https:\/\/djpaysbasque.fr\/#organization\",\"name\":\"DJ Deneri\",\"url\":\"https:\/\/djpaysbasque.fr\/\",\"logo\":{\"@type\":\"ImageObject\",\"inLanguage\":\"fr-FR\",\"@id\":\"https:\/\/djpaysbasque.fr\/#\/schema\/logo\/image\/\",\"url\":\"https:\/\/djpaysbasque.fr\/wp-content\/uploads\/2026\/02\/cropped-logo-deneri-dj-pays-basque-electro-soiree-animation-event-2.png\",\"contentUrl\":\"https:\/\/djpaysbasque.fr\/wp-content\/uploads\/2026\/02\/cropped-logo-deneri-dj-pays-basque-electro-soiree-animation-event-2.png\",\"width\":363,\"height\":78,\"caption\":\"DJ Deneri\"},\"image\":{\"@id\":\"https:\/\/djpaysbasque.fr\/#\/schema\/logo\/image\/\"},\"sameAs\":[\"https:\/\/www.facebook.com\/djdeneri\",\"https:\/\/www.instagram.com\/djdeneri\/\"]}]}<\/script>\n<!-- \/ Yoast SEO plugin. -->","yoast_head_json":{"title":"DJ Mariage, S\u00e9minaire et event priv\u00e9s Pays basque \/ sud landes","description":"DJ pro bas\u00e9 au Pays basque, DJ Deneri accompagne particuliers et entreprises dans leurs \u00e9v\u00e9nements, du mariage intimiste au s\u00e9minaire .","robots":{"index":"index","follow":"follow","max-snippet":"max-snippet:-1","max-image-preview":"max-image-preview:large","max-video-preview":"max-video-preview:-1"},"canonical":"https:\/\/djpaysbasque.fr\/","og_locale":"fr_FR","og_type":"article","og_title":"DJ Mariage, S\u00e9minaire et event priv\u00e9s Pays basque \/ sud landes","og_description":"DJ pro bas\u00e9 au Pays basque, DJ Deneri accompagne particuliers et entreprises dans leurs \u00e9v\u00e9nements, du mariage intimiste au s\u00e9minaire .","og_url":"https:\/\/djpaysbasque.fr\/","og_site_name":"DJ Deneri","article_publisher":"https:\/\/www.facebook.com\/djdeneri","article_modified_time":"2026-03-07T03:36:55+00:00","og_image":[{"width":2560,"height":1707,"url":"https:\/\/djpaysbasque.fr\/wp-content\/uploads\/2026\/02\/set-deneri-dj-pays-basque-electro-soiree-animation-event-scaled-1.jpg","type":"image\/jpeg"}],"twitter_card":"summary_large_image","twitter_misc":{"Dur\u00e9e de lecture estim\u00e9e":"4 minutes"},"schema":{"@context":"https:\/\/schema.org","@graph":[{"@type":"WebPage","@id":"https:\/\/djpaysbasque.fr\/","url":"https:\/\/djpaysbasque.fr\/","name":"DJ Mariage, S\u00e9minaire et event priv\u00e9s Pays basque \/ sud landes","isPartOf":{"@id":"https:\/\/djpaysbasque.fr\/#website"},"primaryImageOfPage":{"@id":"https:\/\/djpaysbasque.fr\/#primaryimage"},"image":{"@id":"https:\/\/djpaysbasque.fr\/#primaryimage"},"thumbnailUrl":"https:\/\/djpaysbasque.fr\/wp-content\/uploads\/2026\/02\/set-deneri-dj-pays-basque-electro-soiree-animation-event-scaled-1.jpg","datePublished":"2026-02-11T14:02:19+00:00","dateModified":"2026-03-07T03:36:55+00:00","description":"DJ pro bas\u00e9 au Pays basque, DJ Deneri accompagne particuliers et entreprises dans leurs \u00e9v\u00e9nements, du mariage intimiste au s\u00e9minaire .","breadcrumb":{"@id":"https:\/\/djpaysbasque.fr\/#breadcrumb"},"inLanguage":"fr-FR","potentialAction":[{"@type":"ReadAction","target":["https:\/\/djpaysbasque.fr\/"]}]},{"@type":"ImageObject","inLanguage":"fr-FR","@id":"https:\/\/djpaysbasque.fr\/#primaryimage","url":"https:\/\/djpaysbasque.fr\/wp-content\/uploads\/2026\/02\/set-deneri-dj-pays-basque-electro-soiree-animation-event-scaled-1.jpg","contentUrl":"https:\/\/djpaysbasque.fr\/wp-content\/uploads\/2026\/02\/set-deneri-dj-pays-basque-electro-soiree-animation-event-scaled-1.jpg","width":2560,"height":1707,"caption":"DJ Deneri - DJ seminaire, mariages events BtoB au Pays basque et Sud Landes"},{"@type":"BreadcrumbList","@id":"https:\/\/djpaysbasque.fr\/#breadcrumb","itemListElement":[{"@type":"ListItem","position":1,"name":"Accueil","item":"https:\/\/djpaysbasque.fr\/"},{"@type":"ListItem","position":2,"name":"DJ Deneri &#8211; DJ Mariage, S\u00e9minaire et Fetes priv\u00e9es au Pays basque et sud landes"}]},{"@type":"WebSite","@id":"https:\/\/djpaysbasque.fr\/#website","url":"https:\/\/djpaysbasque.fr\/","name":"DJ Deneri","description":"","publisher":{"@id":"https:\/\/djpaysbasque.fr\/#organization"},"potentialAction":[{"@type":"SearchAction","target":{"@type":"EntryPoint","urlTemplate":"https:\/\/djpaysbasque.fr\/?s={search_term_string}"},"query-input":{"@type":"PropertyValueSpecification","valueRequired":true,"valueName":"search_term_string"}}],"inLanguage":"fr-FR"},{"@type":"Organization","@id":"https:\/\/djpaysbasque.fr\/#organization","name":"DJ Deneri","url":"https:\/\/djpaysbasque.fr\/","logo":{"@type":"ImageObject","inLanguage":"fr-FR","@id":"https:\/\/djpaysbasque.fr\/#\/schema\/logo\/image\/","url":"https:\/\/djpaysbasque.fr\/wp-content\/uploads\/2026\/02\/cropped-logo-deneri-dj-pays-basque-electro-soiree-animation-event-2.png","contentUrl":"https:\/\/djpaysbasque.fr\/wp-content\/uploads\/2026\/02\/cropped-logo-deneri-dj-pays-basque-electro-soiree-animation-event-2.png","width":363,"height":78,"caption":"DJ Deneri"},"image":{"@id":"https:\/\/djpaysbasque.fr\/#\/schema\/logo\/image\/"},"sameAs":["https:\/\/www.facebook.com\/djdeneri","https:\/\/www.instagram.com\/djdeneri\/"]}]}},"_links":{"self":[{"href":"https:\/\/djpaysbasque.fr\/index.php\/wp-json\/wp\/v2\/pages\/7","targetHints":{"allow":["GET"]}}],"collection":[{"href":"https:\/\/djpaysbasque.fr\/index.php\/wp-json\/wp\/v2\/pages"}],"about":[{"href":"https:\/\/djpaysbasque.fr\/index.php\/wp-json\/wp\/v2\/types\/page"}],"author":[{"embeddable":true,"href":"https:\/\/djpaysbasque.fr\/index.php\/wp-json\/wp\/v2\/users\/1"}],"replies":[{"embeddable":true,"href":"https:\/\/djpaysbasque.fr\/index.php\/wp-json\/wp\/v2\/comments?post=7"}],"version-history":[{"count":44,"href":"https:\/\/djpaysbasque.fr\/index.php\/wp-json\/wp\/v2\/pages\/7\/revisions"}],"predecessor-version":[{"id":134,"href":"https:\/\/djpaysbasque.fr\/index.php\/wp-json\/wp\/v2\/pages\/7\/revisions\/134"}],"wp:featuredmedia":[{"embeddable":true,"href":"https:\/\/djpaysbasque.fr\/index.php\/wp-json\/wp\/v2\/media\/18"}],"wp:attachment":[{"href":"https:\/\/djpaysbasque.fr\/index.php\/wp-json\/wp\/v2\/media?parent=7"}],"curies":[{"name":"wp","href":"https:\/\/api.w.org\/{rel}","templated":true}]}}